{"id":441,"date":"2013-08-20T13:38:56","date_gmt":"2013-08-20T12:38:56","guid":{"rendered":"http:\/\/www.porcelainesdelafabrique.com\/home\/?page_id=441"},"modified":"2026-02-25T10:26:27","modified_gmt":"2026-02-25T09:26:27","slug":"mentions-legales","status":"publish","type":"page","link":"https:\/\/www.porcelainesdelafabrique.com\/home\/mentions-legales\/","title":{"rendered":"Mentions L\u00e9gales"},"content":{"rendered":"<h4>\u00a0<\/h4>\n<h4 style=\"text-align: justify;\"><strong>INFORMATIONS L\u00c9GALES<\/strong><\/h4>\n<p style=\"text-align: justify;\">PORCELAINES DE LA FABRIQUE, soci\u00e9t\u00e9 anonyme au capital de 520 000 euros\u00a0 dont le si\u00e8ge social est situ\u00e9 \u00e0 Saint Brice sur Vienne, 87200 immatricul\u00e9e au registre du commerce RCS Limoges B 408 639 326 sous le num\u00e9ro intracommunautaire FR 77408639320, fabrique et commercialise\u00a0 des articles en c\u00e9ramique \u00e0 usage domestique ou ornemental. Le directeur de la publication est M. DANIEL BETOULE.<\/p>\n<h4>\u00a0<\/h4>\n<h4><strong>PROPRI\u00c9T\u00c9 INTELLECTUELLE<\/strong><\/h4>\n<p style=\"text-align: justify;\">Tous les textes, commentaires, ouvrages, illustrations et images reproduits sur le site\u00a0<a href=\"https:\/\/www.porcelainesdelafabrique.com\/home\">porcelainesdelafabrique.com<\/a> sont r\u00e9serv\u00e9s au titre du droit d\u2019auteur ainsi qu\u2019au titre de la propri\u00e9t\u00e9 intellectuelle pour le monde entier. A ce titre, conform\u00e9ment aux dispositions du Code de la Propri\u00e9t\u00e9 Intellectuelle, seule l\u2019utilisation pour un usage priv\u00e9 est tol\u00e9r\u00e9\u00a0sous r\u00e9serves de dispositions diff\u00e9rentes ou plus restrictives du code de la propri\u00e9t\u00e9 intellectuelle.Toute autre utilisation est constitutive de contrefa\u00e7on et sanctionn\u00e9e au titre de la Propri\u00e9t\u00e9 Intellectuelle sauf autorisation pr\u00e9alable de <a href=\"https:\/\/www.porcelainesdelafabrique.com\/home\">porcelainesdelafabrique.com<\/a>.\u00a0 A ce titre, toute utilisation et notamment toute reproduction totale ou partielle de <a href=\"https:\/\/www.porcelainesdelafabrique.com\/home\">porcelainesdelafabrique.com<\/a> ou de ses \u00e9l\u00e9ments, ainsi que tout transfert de ses \u00e9l\u00e9ments vers un autre site sans l\u2019accord \u00e9crit et expr\u00e8s des ayants droit est interdite et constituerait une contrefa\u00e7on sanctionn\u00e9e par les articles L. 335-2 et suivants du Code de la propri\u00e9t\u00e9 intellectuelle.<\/p>\n<p style=\"text-align: justify;\">Les marques (semi-figuratives ou non), ainsi que les logos figurant sur le site sont prot\u00e9g\u00e9s. Toute reproduction totale ou partielle de ces marques ou de ces logos effectu\u00e9e \u00e0 partir des \u00e9l\u00e9ments du site sans l&rsquo;autorisation des ayants droit est donc prohib\u00e9e. L\u2019utilisateur ne peut mettre en place un hyperlien en direction du site sans autorisation expresse et pr\u00e9alable.<\/p>\n<h4>\u00a0<\/h4>\n<h4>CR\u00c9DITS PHOTOGRAPHIQUES<\/h4>\n<p>Vous trouverez ci-dessous la liste des cr\u00e9dits photographiques de l&rsquo;ensemble des images reproduites sur le site :<\/p>\n<p>Cr\u00e9dits photographiques <em>\u00a9<\/em> Martial Dumas, Agence Coalition<\/p>\n<p>Cr\u00e9dits photographiques <em>\u00a9<\/em> Romain Dumas<\/p>\n<p>Cr\u00e9dits photographiques <em>\u00a9<\/em> \u00a0Martin Argyroglo<\/p>\n<p>Cr\u00e9dits photographiques <em>\u00a9<\/em>\u00a0RMN-Grand Palais (Limoges, Cit\u00e9 de la c\u00e9ramique) \/ Jean-Gilles Berizzi<\/p>\n<p>Cr\u00e9dits photographiques <em>\u00a9<\/em> RMN-Grand Palais (Limoges, Cit\u00e9 de la c\u00e9ramique) \/ Guy Gendraud<\/p>\n<p>Cr\u00e9dits photographiques <em>\u00a9<\/em> RMN-Grand Palais (Limoges, Cit\u00e9 de la c\u00e9ramique) \/ Ren\u00e9-Gabriel<\/p>\n<h4>\u00a0<\/h4>\n<h4><strong>DROIT APPLICABLE \u2013 LITIGES<\/strong><\/h4>\n<p>Le pr\u00e9sent contrat est souscrit en langue fran\u00e7aise et soumis \u00e0 la loi fran\u00e7aise. En cas de litige \u00e0 caract\u00e8re l\u00e9gal, seuls les tribunaux Fran\u00e7ais seront comp\u00e9tents.<\/p>\n<h4>\u00a0<\/h4>\n<h4 style=\"text-align: justify;\"><strong>INFORMATIONS NOMINATIVES<\/strong><\/h4>\n<p style=\"text-align: justify;\"><a href=\"https:\/\/www.porcelainesdelafabrique.com\/home\">porcelainesdelafabrique.com<\/a> s\u2019engage \u00e0 ne pas divulguer \u00e0 des tiers les informations que vous lui communiquez. Celles-ci restent confidentielles.<\/p>\n<p style=\"text-align: justify;\">En cons\u00e9quence et conform\u00e9ment \u00e0 la loi informatique et des libert\u00e9s du 6 janvier 1978, vous disposez d\u2019un droit d\u2019acc\u00e8s, de rectification, et d\u2019opposition aux donn\u00e9es personnelles vous concernant. Pour cela, il vous suffit de nous en faire la demande en ligne (<a href=\"mailto:mail@porcelainesdelafabrique.com\">mail@porcelainesdelafabrique.com<\/a>) ou par courrier, en nous indiquant votre nom, pr\u00e9nom, adresse \u00e0\u00a0:<\/p>\n<p style=\"text-align: justify;\">Porcelaines de La Fabrique Saint-Brice 87200 Saint-Junien France<\/p>\n<h4><strong>INDEX DE L&rsquo;\u00c9GALIT\u00c9 PROFESSIONNELLE<\/strong><\/h4>\n<p>Au titre des donn\u00e9es 2025, l\u2019Index de l\u2019\u00e9galit\u00e9 femmes-hommes en 2026 au sein des PORCELAINES DE LA FABRIQUE est de 93.\u00a0<\/p>\n\n\n<p><\/p>\n","protected":false},"excerpt":{"rendered":"<p>\u00a0 INFORMATIONS L\u00c9GALES PORCELAINES DE LA FABRIQUE, soci\u00e9t\u00e9 anonyme au capital de 520 000 euros\u00a0 dont le si\u00e8ge social est situ\u00e9 \u00e0 Saint Brice sur Vienne, 87200 immatricul\u00e9e au registre du commerce RCS Limoges B 408 639 326 sous le num\u00e9ro intracommunautaire FR 77408639320, fabrique et commercialise\u00a0 des articles en c\u00e9ramique \u00e0 usage domestique ou [&hellip;]<\/p>\n","protected":false},"author":1,"featured_media":0,"parent":0,"menu_order":0,"comment_status":"closed","ping_status":"closed","template":"","meta":{"footnotes":""},"class_list":["post-441","page","type-page","status-publish","hentry"],"_links":{"self":[{"href":"https:\/\/www.porcelainesdelafabrique.com\/home\/wp-json\/wp\/v2\/pages\/441","targetHints":{"allow":["GET"]}}],"collection":[{"href":"https:\/\/www.porcelainesdelafabrique.com\/home\/wp-json\/wp\/v2\/pages"}],"about":[{"href":"https:\/\/www.porcelainesdelafabrique.com\/home\/wp-json\/wp\/v2\/types\/page"}],"author":[{"embeddable":true,"href":"https:\/\/www.porcelainesdelafabrique.com\/home\/wp-json\/wp\/v2\/users\/1"}],"replies":[{"embeddable":true,"href":"https:\/\/www.porcelainesdelafabrique.com\/home\/wp-json\/wp\/v2\/comments?post=441"}],"version-history":[{"count":20,"href":"https:\/\/www.porcelainesdelafabrique.com\/home\/wp-json\/wp\/v2\/pages\/441\/revisions"}],"predecessor-version":[{"id":526,"href":"https:\/\/www.porcelainesdelafabrique.com\/home\/wp-json\/wp\/v2\/pages\/441\/revisions\/526"}],"wp:attachment":[{"href":"https:\/\/www.porcelainesdelafabrique.com\/home\/wp-json\/wp\/v2\/media?parent=441"}],"curies":[{"name":"wp","href":"https:\/\/api.w.org\/{rel}","templated":true}]}}